{"id":6367,"date":"2020-05-13T06:07:36","date_gmt":"2020-05-13T05:07:36","guid":{"rendered":"https:\/\/deseta-gimnazija.hr\/?page_id=6367"},"modified":"2020-05-13T11:33:36","modified_gmt":"2020-05-13T10:33:36","slug":"dan-europe-solidarnost","status":"publish","type":"page","link":"https:\/\/deseta-gimnazija.hr\/?page_id=6367","title":{"rendered":"Dan Europe &#8211; solidarnost"},"content":{"rendered":"<p><strong>Obilje\u017eavamo Dan Europe i pozivamo vas da se uklju\u010dite!<\/strong><\/p>\n<p><img loading=\"lazy\" decoding=\"async\" class=\"alignnone size-full wp-image-6314\" src=\"https:\/\/deseta-gimnazija.hr\/wp-content\/uploads\/2020\/05\/Solidarnost.hr_.jpg\" alt=\"\" width=\"1079\" height=\"649\" srcset=\"https:\/\/deseta-gimnazija.hr\/wp-content\/uploads\/2020\/05\/Solidarnost.hr_.jpg 1079w, https:\/\/deseta-gimnazija.hr\/wp-content\/uploads\/2020\/05\/Solidarnost.hr_-300x180.jpg 300w, https:\/\/deseta-gimnazija.hr\/wp-content\/uploads\/2020\/05\/Solidarnost.hr_-768x462.jpg 768w, https:\/\/deseta-gimnazija.hr\/wp-content\/uploads\/2020\/05\/Solidarnost.hr_-1024x616.jpg 1024w, https:\/\/deseta-gimnazija.hr\/wp-content\/uploads\/2020\/05\/Solidarnost.hr_-830x499.jpg 830w, https:\/\/deseta-gimnazija.hr\/wp-content\/uploads\/2020\/05\/Solidarnost.hr_-230x138.jpg 230w, https:\/\/deseta-gimnazija.hr\/wp-content\/uploads\/2020\/05\/Solidarnost.hr_-350x211.jpg 350w, https:\/\/deseta-gimnazija.hr\/wp-content\/uploads\/2020\/05\/Solidarnost.hr_-480x289.jpg 480w\" sizes=\"(max-width: 1079px) 100vw, 1079px\" \/><\/p>\n<p>Predstavni\u0161tvo Europske komisije u Hrvatskoj i Ministarstvom regionalnoga razvoja i fondova Europske unije sa drugim partnerima, izradilo je komunikacijsku platformu solidarnost.hr putem koje \u0107e se uz dru\u0161tvene mre\u017ee, provoditi razne komunikacijske aktivnosti.&nbsp;&nbsp;<\/p>\n<p>Cilj kampanje je motivirati \u0161to ve\u0107i broj gra\u0111ana da sudjeluje i podijeli svoje emotivne trenutke vezane uz koronavirus, potres u Zagrebu i \u010ditavu izazovnu situaciju s kojom smo suo\u010deni te kreirati sadr\u017eaj koji ima mogu\u0107nosti prenijeti emocionalnu poruku \u2013 svi smo u ovome zajedno, ujedinjeni u solidarnosti. Slogan kampanje je: Samo se solidarnost dijeli dalje.<\/p>\n<p>Ukoliko se \u017eelite uklju\u010diti u komunikacijsku kampanju, to mo\u017eete u\u010diniti na sljede\u0107e na\u010dine:&nbsp;<\/p>\n<ul>\n<li>&#8220;Zapratite&#8221; Facebook stranicu Solidarnost.hr<\/li>\n<li>\u201eZapratite\u201c Instagram profil @solidarnost.hr<\/li>\n<\/ul>\n<p>&nbsp;<\/p>\n<p><img loading=\"lazy\" decoding=\"async\" class=\"alignnone size-full wp-image-6315\" src=\"https:\/\/deseta-gimnazija.hr\/wp-content\/uploads\/2020\/05\/solidarnost-\u0161to-zna\u010di.jpg\" alt=\"\" width=\"1078\" height=\"640\" srcset=\"https:\/\/deseta-gimnazija.hr\/wp-content\/uploads\/2020\/05\/solidarnost-\u0161to-zna\u010di.jpg 1078w, https:\/\/deseta-gimnazija.hr\/wp-content\/uploads\/2020\/05\/solidarnost-\u0161to-zna\u010di-300x178.jpg 300w, https:\/\/deseta-gimnazija.hr\/wp-content\/uploads\/2020\/05\/solidarnost-\u0161to-zna\u010di-768x456.jpg 768w, https:\/\/deseta-gimnazija.hr\/wp-content\/uploads\/2020\/05\/solidarnost-\u0161to-zna\u010di-1024x608.jpg 1024w, https:\/\/deseta-gimnazija.hr\/wp-content\/uploads\/2020\/05\/solidarnost-\u0161to-zna\u010di-830x493.jpg 830w, https:\/\/deseta-gimnazija.hr\/wp-content\/uploads\/2020\/05\/solidarnost-\u0161to-zna\u010di-230x137.jpg 230w, https:\/\/deseta-gimnazija.hr\/wp-content\/uploads\/2020\/05\/solidarnost-\u0161to-zna\u010di-350x208.jpg 350w, https:\/\/deseta-gimnazija.hr\/wp-content\/uploads\/2020\/05\/solidarnost-\u0161to-zna\u010di-480x285.jpg 480w\" sizes=\"(max-width: 1078px) 100vw, 1078px\" \/><\/p>\n<p><strong>Samo se solidarnost dijeli dalje!<\/strong><\/p>\n<p>Odgovorite na jedno od sljede\u0107ih pitanja:<\/p>\n<ul>\n<li>\u0160to je za vas solidarnost?<\/li>\n<li>\u0160to vam nedostaje iz vremena prije korone?<\/li>\n<li>\u0160to \u0107ete uvesti u svoj \u017eivot nakon \u0161to izolacija zavr\u0161i?<\/li>\n<\/ul>\n<p>Pozivamo vas da nam \u0161aljete svoje odgovore, video uratke i druge materijale na temu solidarnosti, a mo\u017eete snimiti i vlastitu izjavu na tu temu ako \u017eelite i imate mogu\u0107nosti.<\/p>\n","protected":false},"excerpt":{"rendered":"<p>Obilje\u017eavamo Dan Europe i pozivamo vas da se uklju\u010dite! Predstavni\u0161tvo Europske komisije u Hrvatskoj i Ministarstvom regionalnoga razvoja i fondova Europske unije sa drugim partnerima, izradilo je komunikacijsku platformu solidarnost.hr putem koje \u0107e se uz dru\u0161tvene mre\u017ee, provoditi razne komunikacijske aktivnosti.&nbsp;&nbsp; Cilj kampanje je motivirati \u0161to ve\u0107i broj gra\u0111ana da sudjeluje i podijeli svoje emotivne [&hellip;]<\/p>\n","protected":false},"author":4,"featured_media":0,"parent":0,"menu_order":0,"comment_status":"closed","ping_status":"closed","template":"","meta":{"ngg_post_thumbnail":0,"footnotes":""},"_links":{"self":[{"href":"https:\/\/deseta-gimnazija.hr\/index.php?rest_route=\/wp\/v2\/pages\/6367"}],"collection":[{"href":"https:\/\/deseta-gimnazija.hr\/index.php?rest_route=\/wp\/v2\/pages"}],"about":[{"href":"https:\/\/deseta-gimnazija.hr\/index.php?rest_route=\/wp\/v2\/types\/page"}],"author":[{"embeddable":true,"href":"https:\/\/deseta-gimnazija.hr\/index.php?rest_route=\/wp\/v2\/users\/4"}],"replies":[{"embeddable":true,"href":"https:\/\/deseta-gimnazija.hr\/index.php?rest_route=%2Fwp%2Fv2%2Fcomments&post=6367"}],"version-history":[{"count":4,"href":"https:\/\/deseta-gimnazija.hr\/index.php?rest_route=\/wp\/v2\/pages\/6367\/revisions"}],"predecessor-version":[{"id":6427,"href":"https:\/\/deseta-gimnazija.hr\/index.php?rest_route=\/wp\/v2\/pages\/6367\/revisions\/6427"}],"wp:attachment":[{"href":"https:\/\/deseta-gimnazija.hr\/index.php?rest_route=%2Fwp%2Fv2%2Fmedia&parent=6367"}],"curies":[{"name":"wp","href":"https:\/\/api.w.org\/{rel}","templated":true}]}}