{"id":6117,"date":"2020-03-30T19:52:49","date_gmt":"2020-03-30T18:52:49","guid":{"rendered":"https:\/\/deseta-gimnazija.hr\/?page_id=6117"},"modified":"2025-01-07T12:45:01","modified_gmt":"2025-01-07T10:45:01","slug":"strategija-razvoja-skole","status":"publish","type":"page","link":"https:\/\/deseta-gimnazija.hr\/?page_id=6117","title":{"rendered":"Strategija razvoja \u0161kole"},"content":{"rendered":"<p>Strategija razvoja na\u0161e \u0161kole uklju\u010duje definiranje vizije \u0161kole, misije \u0161kole, vrijednosti koje \u0160kola promi\u010de, na\u010dela rada i razvojnog plana \u0161kole. Viziju \u0161kole predstavljaju slika budu\u0107nosti koju nastojimo stvoriti i smjer u kojem \u017eelimo i\u0107i. Misiju \u0161kole predstavlja na\u010din na koji se planira ostvariti viziju, definiranje planiranih koraka za postizanje budu\u0107nosti koju nastojimo stvoriti.<\/p>\n<p><strong>VIZIJA \u0160KOLE<\/strong><\/p>\n<p>Vizija \u0161kole je odgoj i obrazovanje u\u010denika koji ostvaruje svoje potencijale i dobiva poruku da mo\u017ee biti uspje\u0161an.<\/p>\n<p><strong>&nbsp;<\/strong><strong>MISIJA \u0160KOLE<\/strong><\/p>\n<p>Na\u0161a misija je omogu\u0107iti u\u010denicima kroz razli\u010dite aktivnosti, oblike i metode rada, da prona\u0111u svoje interese i oblikuju se kao cjelovite i zdrave osobe<\/p>\n<p><strong>VRIJEDNOSTI KOJE \u0160KOLA PROMI\u010cE<\/strong><\/p>\n<p>\u0160kolske vrijednosti su va\u017ena uvjerenja i ideali koje \u017eelimo prenijeti na sve na\u0161e u\u010denike i zaposlenike kako bi one utjecale na njihovo pona\u0161anje i stavove i slu\u017eile kao smjernice za postupanje u raznim situacijama. Na\u0161e vrijednosti su:<\/p>\n<ul>\n<li>Visoka postignu\u0107a za sve<\/li>\n<li>Suradnja<\/li>\n<li>Empatija<\/li>\n<li>Prihva\u0107anje razli\u010ditosti<\/li>\n<li>Me\u0111usobno po\u0161tivanje<\/li>\n<li>Svestranost<\/li>\n<li>Odgovornost<\/li>\n<li>Humanost<\/li>\n<li>Izvrsnost u pou\u010davanju<\/li>\n<li>Kreativnost<\/li>\n<\/ul>\n<p><strong>MOTO \u0160KOLE \u2013 \u201e\u0160kola po mjeri u\u010denika\u201c<\/strong><\/p>\n<p>Trudimo se biti <strong>\u0160KOLOM PO MJERI U\u010cENIKA<\/strong>. Za nas je to \u0161kola koja pru\u017ea stjecanje \u0161irokog op\u0107eg obrazovanja i razvijanje vlastitih sposobnosti, moralnih vrijednosti uz zadovoljavanje osobnih interesa. Uspjesi na\u0161ih biv\u0161ih i sada\u0161njih u\u010denika potvr\u0111uju da su na\u0161i napori opravdani i poti\u010du nas da ustrajemo u njima.<\/p>\n<p><strong>NA\u010cELA NA\u0160EG RADA:<\/strong><\/p>\n<p>Na\u010dela kojima se vodimo u na\u0161em radu jesu: uklju\u010denost svih u\u010denika u odgojno-obrazovni sustav, znanstvena utemeljenost, po\u0161tovanje ljudskih prava te prava djece, kompetentnost i profesionalna etika, demokrati\u010dnost, autonomija \u0161kole, pedago\u0161ki i \u0161kolski pluralizam te europska dimenzija obrazovanja.<\/p>\n<p><strong>ANALIZA POSTOJE\u0106EG STANJA <\/strong><\/p>\n<p>U svom djelovanju vodimo se na\u010delima kvalitetne i uspje\u0161ne komunikacije kao preduvjeta razvoja zdravih me\u0111uljudskih odnosa kakve \u017eelimo izgra\u0111ivati izme\u0111u u\u010denika, nastavnika i roditelja. Inzistiramo na stru\u010dnom usavr\u0161avanju nastavnika te primjeni suvremenih metoda pou\u010davanja, individualiziranom pristupu prema u\u010denicima te kreativnosti u nastavi.<\/p>\n<p>Sudjelujemo u brojnim projektima iz razli\u010ditih podru\u010dja. Aktivni smo sudionici inicijativa \u0161kolske, lokalne i me\u0111unarodne zajednice, \u010desto i u ulozi njihovih pokreta\u010da, \u0161to je vidljivo iz aktivnosti i projekata.<\/p>\n<p>U\u010denicima nudimo velik broj izvannastavnih aktivnosti, a u svom radu se isti\u010du Dramsko \u2013 recitatorska dru\u017eina, Novinarska dru\u017eina, Debatni klub, Pjeva\u010dki zbor, \u0160kolski sportski klub Cener, Volonterski klub, Grupa prve pomo\u0107i, \u010citateljski grupa, Muzejska grupa i Galerijska grupa. Ve\u0107 nekoliko godina u \u0161koli provodimo projekt za podr\u0161ku me\u0111u u\u010denicima, Vr\u0161nja\u010dka pomo\u0107 u u\u010denju.<\/p>\n<p>Nakon uspje\u0161no uvedene dvojezi\u010dne nastave, na\u0161a je \u0161kola 2008. godine postala prva dr\u017eavna \u0161kola Cambridge me\u0111unarodni centar u Republici Hrvatskoj (Sveu\u010dili\u0161te u Cambridgeu, Me\u0111unarodni ispitni centar, HR006). Time je u\u010denicima na\u0161e, ali i drugih \u0161kola, kao i svima zainteresiranima omogu\u0107eno stjecanje kvalifikacija iz niza razli\u010ditih predmeta na IGCSE i AS\/A razini.<\/p>\n<p>Tako\u0111er smo i Pasch-\u0161kola &#8211; Deutchen Partnerschule, \u010dlanica inicijative \u201e\u0160kole: partneri budu\u0107nosti\u201c koja pru\u017ea mogu\u0107nost upoznavanja njema\u010dkog jezika i njema\u010dkog kulturnog prostora kroz stipendiranje motiviranih u\u010denika od strane Goethe-instituta.<\/p>\n<p>\u010clanica&nbsp; smo Azijsko-Europske Fondacije CLASSROOM NETWORK (ASEF ClassNet), organizacija koja okuplja i povezuje \u0161kole Europe i Azije. Cilj je, kroz razli\u010dite projekte putem interneta, predstaviti \u017eivot \u0161kole, u\u010denika i nastavnika razli\u010ditih zemalja u Europi i Aziji i obogatiti znanje u\u010denika o vlastitoj kulturi i kulturi zemalja sudionica.<\/p>\n<p>Kroz uspjeh na\u0161ih biv\u0161ih u\u010denika na studiju, prepoznati smo me\u0111u fakultetima tako da primamo veliki broj zahvalnica i priznanja od Fakulteta elektrotehnike i ra\u010dunalstva, Fakulteta strojarstva i brodogradnje i Fakulteta kemijskog in\u017eenjerstva i tehnologije.<\/p>\n<p><strong>CILJEVI KOJE \u017dELIMO OSTVARITI&nbsp; <\/strong><\/p>\n<ol>\n<li>Unaprje\u0111ivati kvalitetu nastave kao sredi\u0161njeg i najva\u017enijeg procesa koji se odvija u \u0161koli, s naglaskom na nastavu temeljenu na radu, vode\u0107i se rezultatima samovrednovanja i vanjskog vrednovanja.<\/li>\n<li>Poticati profesionalni razvoj nastavnika i stru\u010dno usavr\u0161avanje<\/li>\n<li>Unaprje\u0111ivati \u0161kolsku klimu kao jedan od klju\u010dnih elemenata u\u010dinkovitosti \u0161kole.<\/li>\n<\/ol>\n<p>Rokovi provedbe i osobe odgovorne za provedbu planiranih aktivnosti, postizanje o\u010dekivanih ishoda i u kona\u010dnici ostvarivanje strate\u0161kih ciljeva odre\u0111uju se u okviru Razvojnog plana \u0160kole, Godi\u0161njeg plana i programa rada \u0160kole i u \u0160kolskog kurikuluma.<\/p>\n<p><strong>VREDNOVANJE PROCESA I REZULTATA<\/strong><\/p>\n<p>Za vrednovanje procesa koji se odvijaju u \u0160koli i ostvarivanje rezultata zadu\u017een je \u0161kolski Tim za kvalitetu u sastavu: <span class=\"yiv8857004656ydp55732d88D_F yiv8857004656ydp55732d88rtlI_dz_sSg\"><span class=\"yiv8857004656ydp55732d88C4_Z29WjXl\" title=\"zeljka.frkovic@gmail.com\">\u017deljka Frkovi\u0107<\/span><\/span><span class=\"yiv8857004656ydp55732d88E_fq7\">, ravnateljica, profesori: <\/span><span class=\"yiv8857004656ydp55732d88D_F yiv8857004656ydp55732d88rtlI_dz_sSg\"><span class=\"yiv8857004656ydp55732d88C4_Z29WjXl\" title=\"damir.vresk@skole.hr\">Damir Vresk<\/span><\/span><span class=\"yiv8857004656ydp55732d88E_fq7\">, <\/span><span class=\"yiv8857004656ydp55732d88D_F yiv8857004656ydp55732d88rtlI_dz_sSg\"><span class=\"yiv8857004656ydp55732d88C4_Z29WjXl\" title=\"sandra.crnkovic-kranjcec@skole.hr\">Sandra Crnkovi\u0107 Kranj\u010dec<\/span><\/span><span class=\"yiv8857004656ydp55732d88E_fq7\">, <\/span><span class=\"yiv8857004656ydp55732d88D_F yiv8857004656ydp55732d88rtlI_dz_sSg\"><span class=\"yiv8857004656ydp55732d88C4_Z29WjXl\" title=\"dajana.gacina@skole.hr\">Dajana Ga\u0107ina<\/span><\/span><span class=\"yiv8857004656ydp55732d88E_fq7\">, <\/span><span class=\"yiv8857004656ydp55732d88D_F yiv8857004656ydp55732d88rtlI_dz_sSg\"><span class=\"yiv8857004656ydp55732d88C4_Z29WjXl\" title=\"rudolfnatasa@gmail.com\">Nata\u0161a Rudolf<\/span><\/span><span class=\"yiv8857004656ydp55732d88E_fq7\">, <\/span><span class=\"yiv8857004656ydp55732d88D_F yiv8857004656ydp55732d88rtlI_dz_sSg\"><span class=\"yiv8857004656ydp55732d88C4_Z29WjXl\" title=\"stelamvlahovic@gmail.com\">Stela Munji\u0107 Vlahovi\u0107<\/span><\/span><span class=\"yiv8857004656ydp55732d88E_fq7\">, <\/span><span class=\"yiv8857004656ydp55732d88D_F yiv8857004656ydp55732d88rtlI_dz_sSg\"><span class=\"yiv8857004656ydp55732d88C4_Z29WjXl\" title=\"tajana.matasovic@gmail.com\">Tajana Matasovi\u0107<\/span><\/span><span class=\"yiv8857004656ydp55732d88E_fq7\">, <\/span><span class=\"yiv8857004656ydp55732d88E_fq7\">Iva Pero\u0161, psihologinja <\/span><span class=\"yiv8857004656ydp55732d88E_fq7\">Marija Roth Jelisav\u010di\u0107, psihologinja, <span class=\"yiv8857004656ydp55732d88D_F yiv8857004656ydp55732d88rtlI_dz_sSg\"><span class=\"yiv8857004656ydp55732d88C4_Z29WjXl\" title=\"ana-bojana.juratek@skole.hr\">Ana Bojana Juratek, pedagoginja, <\/span><\/span><\/span><span class=\"yiv8857004656ydp55732d88D_F yiv8857004656ydp55732d88rtlI_dz_sSg\"><span class=\"yiv8857004656ydp55732d88C4_Z29WjXl\" title=\"maja.vukovic4@skole.hr\">Maja Vukovi\u0107<\/span><\/span><span class=\"yiv8857004656ydp55732d88E_fq7\">, stru\u010dni suradnik &#8211; knji\u017eni\u010dar, <\/span><span class=\"yiv8857004656ydp55732d88D_F yiv8857004656ydp55732d88rtlI_dz_sSg\"><span class=\"yiv8857004656ydp55732d88C4_Z29WjXl\" title=\"ana-bojana.juratek@skole.hr\">Predstavnik Vije\u0107a roditelja &#8211; Martina Struki\u0107 i <\/span><\/span><span class=\"yiv8857004656ydp55732d88D_F yiv8857004656ydp55732d88rtlI_dz_sSg\"><span class=\"yiv8857004656ydp55732d88C4_Z29WjXl\" title=\"ana-bojana.juratek@skole.hr\">Predstavnik vije\u0107a u\u010denika &#8211; Filip Bo\u017eovi\u0107.<\/span><\/span><\/p>\n<p><strong>RAZVOJNI PLAN \u0160KOLE<\/strong><br \/>\n<\/p>\n","protected":false},"excerpt":{"rendered":"<p>Strategija razvoja na\u0161e \u0161kole uklju\u010duje definiranje vizije \u0161kole, misije \u0161kole, vrijednosti koje \u0160kola promi\u010de, na\u010dela rada i razvojnog plana \u0161kole. Viziju \u0161kole predstavljaju slika budu\u0107nosti koju nastojimo stvoriti i smjer u kojem \u017eelimo i\u0107i. Misiju \u0161kole predstavlja na\u010din na koji se planira ostvariti viziju, definiranje planiranih koraka za postizanje budu\u0107nosti koju nastojimo stvoriti. VIZIJA \u0160KOLE [&hellip;]<\/p>\n","protected":false},"author":4,"featured_media":0,"parent":0,"menu_order":0,"comment_status":"closed","ping_status":"closed","template":"","meta":{"ngg_post_thumbnail":0,"footnotes":""},"_links":{"self":[{"href":"https:\/\/deseta-gimnazija.hr\/index.php?rest_route=\/wp\/v2\/pages\/6117"}],"collection":[{"href":"https:\/\/deseta-gimnazija.hr\/index.php?rest_route=\/wp\/v2\/pages"}],"about":[{"href":"https:\/\/deseta-gimnazija.hr\/index.php?rest_route=\/wp\/v2\/types\/page"}],"author":[{"embeddable":true,"href":"https:\/\/deseta-gimnazija.hr\/index.php?rest_route=\/wp\/v2\/users\/4"}],"replies":[{"embeddable":true,"href":"https:\/\/deseta-gimnazija.hr\/index.php?rest_route=%2Fwp%2Fv2%2Fcomments&post=6117"}],"version-history":[{"count":6,"href":"https:\/\/deseta-gimnazija.hr\/index.php?rest_route=\/wp\/v2\/pages\/6117\/revisions"}],"predecessor-version":[{"id":13526,"href":"https:\/\/deseta-gimnazija.hr\/index.php?rest_route=\/wp\/v2\/pages\/6117\/revisions\/13526"}],"wp:attachment":[{"href":"https:\/\/deseta-gimnazija.hr\/index.php?rest_route=%2Fwp%2Fv2%2Fmedia&parent=6117"}],"curies":[{"name":"wp","href":"https:\/\/api.w.org\/{rel}","templated":true}]}}