{"id":5010,"date":"2019-09-05T14:00:36","date_gmt":"2019-09-05T13:00:36","guid":{"rendered":"https:\/\/deseta-gimnazija.hr\/?page_id=5010"},"modified":"2019-12-16T13:02:33","modified_gmt":"2019-12-16T12:02:33","slug":"encouraging-europe-through-culture-and-commerce-eetcc","status":"publish","type":"page","link":"https:\/\/deseta-gimnazija.hr\/?page_id=5010","title":{"rendered":"Encouraging Europe Through Culture and Commerce (EETCC)"},"content":{"rendered":"<p><em><strong>X. gimnazija \u201eIvan Supek\u201c sudjeluje u jo\u0161 jednom uspje\u0161nom Erasmus+ projektu<\/strong><\/em><\/p>\n<p>&nbsp;<\/p>\n<p style=\"text-align: center;\"><em><strong>Erasmus+ Poticaj Europi kroz kulturu i ekonomiju<\/strong><\/em><br \/>\n<em><strong>(Erasmus+ KA229 \u2013 Encouraging Europe through culture and commerce &#8211;&nbsp; EETCC)<\/strong><\/em><\/p>\n<p>&nbsp;<\/p>\n<ol start=\"2018\">\n<li><strong><em> godina <\/em><\/strong><strong><em>progla\u0161ena je Europskom godinom kulturne ba\u0161tine<\/em><\/strong><\/li>\n<li>X. gimnazija \u201cIvan Supek\u201d prepoznala je ovu posebnu priliku pridru\u017eiv\u0161i se, u svojstvu \u0161kole partnera, Erasmus+ projektu \u201cPoticaj Europi kroz kulturu i ekonomiju\u201c. U okvirima projektnih aktivnosti koje se u proteklih godinu dana odvijaju na Erasmus+ EETCC projektu, pet zemalja sudionica: Bugarska, Hrvatska, Estonija, Francuska i Njema\u010dka, s 125 u\u010denika i 30 nastavnika stje\u010du mogu\u0107nost razmjene ideja, znanja i iskustava o kulturi tijekom upoznavanja jedne od dr\u017eava \u010dlanica kroz predvi\u0111enih 6 projektnih modula.<\/li>\n<\/ol>\n<p><strong><em>Za ukupna dvogodi\u0161njega trajanja u\u010denici sudionici upoznat \u0107e se s razli\u010ditim aspektima europske kulture i u tom procesu postupno osvijestiti na koji na\u010din kultura jedne zemlje mo\u017ee postati zama\u0161njakom njezina gospodarstva.<\/em><\/strong><\/p>\n<p>Ciljevi Erasmus+ <strong><em>EETCC<\/em><\/strong> projekta usredoto\u010deni su na razumijevanje i analizu kulturnih dobara, otkrivanju europskih zajedni\u010dkih vrijednosti i u kona\u010dnici na osobni daljnji razvoj u aktivnom oblikovanju kulture.<\/p>\n<p><strong><em>Svrha ovoga projekta tako\u0111er je usmjerena nastojanju da se staromodna predod\u017eba kulture a\u017eurira te na taj na\u010din, po njegovu zavr\u0161etku, postane podru\u010djem od posebnoga interesa upravo za mlade ljude.<\/em><\/strong><\/p>\n<p>U vremenu brzoga tempa i digitalizacije kulturne vrijednosti \u010desto padaju u zaborav. Stoga je ovaj projekt smislen i \u010dak potreban da se suprotstavi povr\u0161nosti suvremenog doba te da u\u010denicima 21. stolje\u0107a omogu\u0107i razumijevanje kulture pomo\u0107u digitalnih medija.<\/p>\n<p>Od po\u010detka Erasmus+ EETCC projekta, u listopadu 2018., u\u010denici X. gimnazije &#8220;Ivan Supek&#8221;, zajedno s vr\u0161njacima iz ostalih europskih \u0161kola sudionica, bave se pojmom kulture poku\u0161ava\u0107i je samostalno definirati, analiziraju kulturne pojavnosti koje im se nude u vlastitom okru\u017eenju, okru\u017eenju drugih zemalja sudionica i kona\u010dno, u Europi. Utvr\u0111uju povezanost kulture i ekonomije ciljanih podru\u010dja, prepoznaju vrijednost kulturnih dobara, a samim time i mo\u0107 kulture koja povezuje ljude i oboga\u0107uje gospodarstvo pojednih zemalja.<\/p>\n<p>U prvoj godini provedbe pojam &#8220;kultura&#8221; istra\u017eivao se i definirao provedbom aktivnosti unutar 3 projektna Modula kroz zajedni\u010dke radionice, posjete kazali\u0161tima, muzejima i lokacijama od posebnoga kulturnog zna\u010daja. Cilj ovih aktivnosti bio je prepoznati raznolikost kulture i osvijestiti potrebu njezina o\u010duvanja i za\u0161tite. Tako\u0111er, u\u010denici-sudionici istra\u017eivali su utjecaj kulture na kvalitetu \u017eivota utvrdiv\u0161i na taj na\u010din njezin gospodarski zna\u010daj.<\/p>\n<p>Do prosinca 2019. godine 12 u\u010denika X. gimnazije \u201eIvan Supek\u201c uspje\u0161no je sudjelovalo u izradi i provedbi triju projektnih modula:<\/p>\n<p><strong><em>Modul 1. &#8220;Upoznavanje jednih s drugima&#8221; i &#8220;\u0160to kultura zna\u010di za vas?&#8221;<\/em><\/strong> odr\u017ean je u GPChE Aleko Konstantinov, Pravets, Bugarska u periodu od 19. &#8211; 25. prosinca 2018.<\/p>\n<p>U pripremnoj fazi u\u010denici su, zajedno sa svojim mentoricama, radili na:<\/p>\n<ul>\n<li>Implementaciji virtualnog prostora komunikacije (facebook, web stranice)<\/li>\n<li>Pripremi teme i prezentaciji svoje \u0161kole, grada i zemlje<\/li>\n<li>Pripremi upitnika za u\u010deni\u010dku zajednicu na temu &#8220;\u0160to je kultura&#8221; (definicija, raznovrsnost kulture (npr. kultura mladih, poslovna kultura, kultura gastronomije itd.); na\u010dini predstavljanja kulture \/ kulturne ba\u0161tine svoga grada, regije, zemlje; gdje se sve kultura mo\u017ee prona\u0107i; kako kultura utje\u010de na svakodnevni \u017eivot, rad, \u017eivotni okoli\u0161 etc.)<\/li>\n<li>Izradi logotipa projekta.<\/li>\n<\/ul>\n<p><strong><em>Modul 2. &#8220;\u0160to je kultura &#8211; kulturno otkri\u0107e&#8221; <\/em><\/strong>odr\u017ean je u J\u00fcri G\u00fcmnaasium, J\u00fcri, Estonija u periodu od 2. do 8. svibnja 2019.<\/p>\n<p>U pripremnoj fazi u\u010denici su, zajedno sa svojim mentoricama, radili na:<\/p>\n<ul>\n<li>Istra\u017eivanju utemeljenom na anketnim pitanjima: Gdje mo\u017eete prona\u0107i kulturu u svom gradu?; Gdje se kultura pojavljuje u va\u0161oj zemlji?; Koji su najva\u017eniji kulturni gradovi u va\u0161oj zemlji?<\/li>\n<li>Na temelju rezultata anketnoga istra\u017eivanja u\u010denici su izradili film: Moj grad &#8211; moja kultura i promotivni letak o gradovima koji za hrvatsku kulturu predstavljaju njezine reprezentativne nositelje.<\/li>\n<\/ul>\n<p>(Film je dostupan na <a href=\"https:\/\/www.youtube.com\/watch?v=xuy3Ch1PTO0\" target=\"_blank\" rel=\"noopener\">https:\/\/www.youtube.com\/watch?v=xuy3Ch1PTO0<\/a>)<\/p>\n<p><strong><em>Modul 3. &#8220;Zna\u010daj kulture za kvalitetu privatnoga i poslovnog \u017eivota&#8221;<\/em><\/strong> odr\u017ean je u Berufsbildende Schulen der Stadt Osnabr\u00fcck, Osnabr\u00fcck, Njema\u010dka u periodu od 28. studenoga do 04. prosinca 2019.<\/p>\n<p>Za potrebe Modula 3. i LTTA u pripremnoj fazi u\u010denici su, zajedno sa svojim mentoricama:<\/p>\n<ul>\n<li>Za zemlje sudionice izradili objasnidbeni video o tome \u0161to je to kvaliteta \u017eivota i kvaliteta rada<\/li>\n<li>Intervjuirali druge u\u010denike\/sugra\u0111ane\/turiste &#8211; rezultat je izlu\u010dio zaklju\u010dak da vi\u0161i kulturni standardi rezultiraju boljom kvalitetom \u017eivota i rada te posljedi\u010dno, da je kultura va\u017ena za gospodarski razvoj neke zemlje\/regije\/Europe.<\/li>\n<li>Izradili prezentaciju utemeljenu na analizi intervjua s naglaskom na pitanja:<\/li>\n<\/ul>\n<ol>\n<li>Za\u0161to je kultura va\u017ena za kvalitetu \u017eivota u privatnom i poslovnom \u017eivotu?<\/li>\n<li>Za\u0161to bi gra\u0111ani Europske unije trebali prepoznati, uva\u017eiti i prigrliti kulturu svake zemlje \u010dlanice EU?<\/li>\n<\/ol>\n<p>Po zavr\u0161etku pripremnih faza uslijedile su LTTA: radionice i aktivnosti provedene u \u0161kolama doma\u0107inima gdje su u\u010denici, zajedno sa svojim mentoricama profesoricama Cvjetankom Bo\u017eani\u0107 i Jelenom Crnek prezentirali rezultate svoga rada (filmove, promotivne materijale, rezultate istra\u017eivanja i anketnih upitnika), raspravljali i objedinjavali rezultate rada iz pripremnih faza, sudjelovali u natjecanjima i radionicama, predstavljali hrvatsko kulturno blago i specifi\u010dnosti svoje zemlje autenti\u010dnim proizvodima i promotivnim materijalima kroz sudjelovanje na me\u0111unarodnim ve\u010derima.<\/p>\n<p><strong><em>Moduli koji slijede bavit \u0107e se temama: &#8220;Kultura kao motor gospodarstva&#8221;, &#8220;Kultura i digitalizacija&#8221; i &#8220;Kako mo\u017eemo za\u0161tititi na\u0161u kulturnu ba\u0161tinu?&#8221;<\/em><\/strong><\/p>\n<p>U trenuta\u010dnoj fazi provedbe sudionici su spoznali da je digitalizacija na\u0161la svoj put i prema kulturi. Stoga \u0107e se u okvirima modula koji slijede u\u010denici baviti pojmom digitalizacije, razradom njezinih koristi, uva\u017eavaju\u0107i pri tom i rizike.<\/p>\n<p><strong><em>Kona\u010dni proizvod Erasmus+ <\/em><\/strong><strong><em>EETCC <\/em><\/strong><strong><em>projekta, uz prate\u0107u web-stranicu, bit \u0107e knji\u017eica \u201eKulturni vodi\u010d\u201c <\/em><\/strong><\/p>\n<p>Zbog zna\u010daja i sveprisutnosti digitalnog trenda ovaj \u0107e projekt integrirati QR-kodove u svoj zavr\u0161ni proizvod pod nazivom &#8220;Kulturni vodi\u010d&#8221;. Bit \u0107e to publikacija koja \u0107e digitalno povezati razli\u010dite projektne rezultate i na taj se na\u010din uspje\u0161no obratiti ciljanoj skupini mladih koji \u0107e njenom sadr\u017eaju mo\u0107i pristupiti putem interneta. U svome kona\u010dnom izdanju, pru\u017eat \u0107e informacije o kulturnim dobrima gradova i zemalja sudionica projekta. \u201eKulturni vodi\u010d\u201c namijenjen je u\u010denicima, ali i svim mladim ljudima koji su zainteresirani za kori\u0161tenje kulturnih ponuda i cijene interaktivno dizajniran pristup. Po zavr\u0161etku projekta mo\u0107i \u0107e se koristiti kao primjer dobre prakse u \u0161kolama, kao podr\u0161ka sljede\u0107im projektima ili u okvirima redovite nastave. I na kraju, bit \u0107e osobito koristan za ljude koji nisu iz zemalja \u010dlanica EU-a za pru\u017eanje korisnih informacija o europskoj kulturi.<\/p>\n<p><strong><em>Hrvatski projektni partner, X. gimnazija \u201eIvan Supek\u201c bit \u0107e doma\u0107in posljednjem projektnom modulu koji \u0107e u svibnju 2020. ugostiti 40 sudionika. <\/em><\/strong><\/p>\n<p>Rezultati prethodnih modula pokazuju da kulturna dobra i vrijednosti moraju biti za\u0161ti\u0107eni. Za trajanja \u0161estoga i posljednjeg modula zadaci u\u010denika \u0107e se temeljiti na pronala\u017eenju na\u010dina za odr\u017eavanje i podr\u0161ku kulturne ba\u0161tine. Svaka partnerska dr\u017eava planirat \u0107e, organizirati i realizirati (jednokratno ili trajno) kulturno doga\u0111anje koje privla\u010di mlade ljude. Rezultati projektnih doga\u0111anja, koji \u0107e se odvijati u razli\u010ditim mati\u010dnim zemljama, bit \u0107e dokumentirani i na taj na\u010din sa\u010duvani u Kulturnom vodi\u010du.<\/p>\n<p>Europu danas svi razumijemo kroz nazivnik jedinstva. U kona\u010dnici, Erasmus+ EETCC projekt \u0107e pomo\u0107i sudionicima da razumiju ovo jedinstvo i osvijestiti ih kao Europljane povezane zajedni\u010dkim kulturnim kapitalom.<\/p>\n<p>&nbsp;<\/p>\n<p><strong>Ovdje pozivamo sve u\u010denike na\u0161e \u0161kole da se uklju\u010de u rad na zavr\u0161nom modulu, bilo kroz aktivnosti prilikom izrade projektnih rezultata ili pru\u017eanjem gostoprimstva u\u010denicima vr\u0161njacima iz 4 europske zemlje te na taj na\u010din doprinesu uspjehu svoje \u0161kole na EETCC Erasmus+ projektu!<\/strong><\/p>\n<p>&nbsp;<\/p>\n<p>Rezultati Modula 1, 2 i 3 su vidljivi na web-stranicama X. gimnazije \u201eIvan Supek\u201c, web-stranicama Koordinatora projekta (<em>Berufsbildende Schulen der Stadt Osnabr\u00fcck Am Pottgraben<\/em>, Njema\u010dka) kao i na projektnim Facebook stranicama.<\/p>\n<p><a href=\"https:\/\/euthruculture.jimdofree.com\/\" target=\"_blank\" rel=\"noopener\">https:\/\/euthruculture.jimdofree.com<\/a><\/p>\n<p><a href=\"https:\/\/www.facebook.com\/groups\/1854425691259482\/\" target=\"_blank\" rel=\"noopener\">https:\/\/www.facebook.com\/groups\/1854425691259482\/<\/a><\/p>\n<p><a href=\"https:\/\/www.facebook.com\/groups\/2211190222484792\/\" target=\"_blank\" rel=\"noopener\">https:\/\/www.facebook.com\/groups\/2211190222484792\/<\/a><\/p>\n<p>Provo\u0111enje i uspje\u0161nost projekta prati i vrednuje nositelj projekta: Berufsbildende Schulen der Stadt Osnabr\u00fcck Am Pottgraben, Njema\u010dka i Agencija za mobilnost i programe EU u Hrvatskoj.<\/p>\n<p><span style=\"color: #e0dada;\">Izjava o odricanju od odgovornosti!<\/span><br \/>\n<span style=\"color: #e0dada;\">Ova publikacija odra\u017eava isklju\u010divo stajali\u0161te autora publikacije i Komisija se ne mo\u017ee smatrati odgovornom prilikom uporabe informacija koje se u njoj nalaze<\/span><\/p>\n<p>Galerija fotografija:<\/p>\n<p><strong>Modul 1 &#8211; Bugarska<\/strong><\/p>\nngg_shortcode_0_placeholder\n<p><strong>Modul 2 &#8211; Estonija<\/strong><\/p>\nngg_shortcode_1_placeholder\n<p><strong>Modul 3 &#8211; Njema\u010dka<\/strong><\/p>\nngg_shortcode_2_placeholder\n","protected":false},"excerpt":{"rendered":"<p>X. gimnazija \u201eIvan Supek\u201c sudjeluje u jo\u0161 jednom uspje\u0161nom Erasmus+ projektu &nbsp; Erasmus+ Poticaj Europi kroz kulturu i ekonomiju (Erasmus+ KA229 \u2013 Encouraging Europe through culture and commerce &#8211;&nbsp; EETCC) &nbsp; godina progla\u0161ena je Europskom godinom kulturne ba\u0161tine X. gimnazija \u201cIvan Supek\u201d prepoznala je ovu posebnu priliku pridru\u017eiv\u0161i se, u svojstvu \u0161kole partnera, Erasmus+ projektu [&hellip;]<\/p>\n","protected":false},"author":4,"featured_media":0,"parent":0,"menu_order":0,"comment_status":"closed","ping_status":"closed","template":"","meta":{"ngg_post_thumbnail":0,"footnotes":""},"_links":{"self":[{"href":"https:\/\/deseta-gimnazija.hr\/index.php?rest_route=\/wp\/v2\/pages\/5010"}],"collection":[{"href":"https:\/\/deseta-gimnazija.hr\/index.php?rest_route=\/wp\/v2\/pages"}],"about":[{"href":"https:\/\/deseta-gimnazija.hr\/index.php?rest_route=\/wp\/v2\/types\/page"}],"author":[{"embeddable":true,"href":"https:\/\/deseta-gimnazija.hr\/index.php?rest_route=\/wp\/v2\/users\/4"}],"replies":[{"embeddable":true,"href":"https:\/\/deseta-gimnazija.hr\/index.php?rest_route=%2Fwp%2Fv2%2Fcomments&post=5010"}],"version-history":[{"count":0,"href":"https:\/\/deseta-gimnazija.hr\/index.php?rest_route=\/wp\/v2\/pages\/5010\/revisions"}],"wp:attachment":[{"href":"https:\/\/deseta-gimnazija.hr\/index.php?rest_route=%2Fwp%2Fv2%2Fmedia&parent=5010"}],"curies":[{"name":"wp","href":"https:\/\/api.w.org\/{rel}","templated":true}]}}