{"id":2444,"date":"2018-10-12T12:32:25","date_gmt":"2018-10-12T11:32:25","guid":{"rendered":"https:\/\/deseta-gimnazija.hr\/?page_id=2444"},"modified":"2023-08-30T09:33:43","modified_gmt":"2023-08-30T08:33:43","slug":"dogadanja","status":"publish","type":"page","link":"https:\/\/deseta-gimnazija.hr\/?page_id=2444","title":{"rendered":"Doga\u0111anja"},"content":{"rendered":"<div>\n<div class=\"msg-body P_wpofO mq_AS\" data-test-id=\"message-view-body-content\">\n<div class=\"jb_0 X_6MGW N_6Fd5\">\n<div>\n<div id=\"yiv3294132578\">\n<div dir=\"ltr\">\n<div>\n<div>\n<div>\n<div><strong>\u0160umoborci i Deseta u akciji po\u0161umljavanja!<\/strong><\/div>\n<div>Na\u0161e u\u010denice Tara Babi\u0107 i Anna Sukhareva napisale su \u010dlanak o akciji po\u0161umljavanja u kojoj je sudjelovala na\u0161a \u0161kola. \u010clanak je objavljen u online \u010dasopisu NASCH-PASCH u okviru inicijative PASCH (\u0160kole &#8211; partneri budu\u0107nosti) \u010dije smo tako\u0111er dio. Cijeli \u010dlanak na njema\u010dkom jeziku mo\u017eete pro\u010ditati<a href=\"https:\/\/www.pasch-net.de\/de\/projekte\/schuelerblog\/schuelerredaktionen\/nasch-pasch\/baumsetzlinge-fuer-klimaschutz.html\" target=\"_blank\" rel=\"noopener\"> ovdje<\/a>.&nbsp;<\/div>\n<div>&nbsp;<\/div>\n<div><strong>\u0160umoborci und Deseta bei der Aufforstungsaktion!<\/strong><\/div>\n<div>Unsere Sch\u00fclerinnen Tara Babi\u0107 und Anna Sukhareva haben einen Artikel f\u00fcr die Sch\u00fclerzeitung NASCH-PASCH geschrieben. Es ging dabei um den Workshop \u00fcber den Klimawandel und die&nbsp;Aufforstungsaktion.&nbsp;Den ganzen Artikel k\u00f6nnt ihr <a href=\"https:\/\/www.pasch-net.de\/de\/projekte\/schuelerblog\/schuelerredaktionen\/nasch-pasch\/baumsetzlinge-fuer-klimaschutz.html\" target=\"_blank\" rel=\"noopener\">hier<\/a> lesen.<\/div>\n<div>&nbsp;<\/div>\n<\/div>\n<\/div>\n<div>&nbsp;<\/div>\n<\/div>\n<\/div>\n<div>&nbsp;<\/div>\n<div dir=\"ltr\">\n<div>\n<div>\n<div>\n<div><strong>\u0160to su Dani Ivana Supeka?<\/strong><\/div>\n<div>Na\u0161a u\u010denica Marta Liva\u010di\u0107 napisala je \u010dlanka o Danima Ivana Supeka. \u010clanak je objavljen u online \u0161kolskom \u010dasopisu NASCH-PASCH na njema\u010dkom jeziku. Na taj na\u010din u\u010denice i u\u010denici iz cijelog svijeta mogu dobiti uvid u aktivnosti na\u0161e \u0161kole. Cijeli \u010dlanak mo\u017eete pro\u010ditati <a href=\"https:\/\/www.pasch-net.de\/de\/projekte\/schuelerblog\/schuelerredaktionen\/nasch-pasch\/die-tage-von-ivan-supek.html\" target=\"_blank\" rel=\"noopener\">ovdje<\/a>.&nbsp;<\/div>\n<div>&nbsp;<\/div>\n<div><strong>Was sind die Tage von Ivan Supek?<\/strong><\/div>\n<div>Unsere Sch\u00fclerin Marta Liva\u010di\u0107 hat f\u00fcr die Sch\u00fclerzeitung NASCH-PASCH einen Artikel \u00fcber die Tage von Ivan Supek geschrieben. So k\u00f6nnen Sch\u00fcler:innen aus der ganzen Welt einen Einblick in die Aktivit\u00e4ten an unserer Schule bekommen. Den ganzen Artikel k\u00f6nnt ihr <a href=\"https:\/\/www.pasch-net.de\/de\/projekte\/schuelerblog\/schuelerredaktionen\/nasch-pasch\/die-tage-von-ivan-supek.html\" target=\"_blank\" rel=\"noopener\">hier<\/a> lesen.&nbsp;<\/div>\n<div>&nbsp;<\/div>\n<\/div>\n<div>&nbsp;<\/div>\n<div>&nbsp;<\/div>\n<div><strong>Izlo\u017eba &#8220;\u0160to je ljubav&#8221;<\/strong><\/div>\n<div>U\u010denice i u\u010denici 4.H (fantasti\u010dna sedmorka iz Treffpunkta) proveli su malo istra\u017eivanje me\u0111u svojim vr\u0161njacima o ljubavi i (ne)zdravim odnosima.&nbsp;<\/div>\n<div>U&nbsp;galeriji pogledajte fotografije, a cijeli \u010dlanak mo\u017eete pro\u010ditati u Jutarnjem listu na sljede\u0107oj <a href=\"https:\/\/www.jutarnji.hr\/life\/zivotne-price\/gimnazijalce-anketirali-o-ljubavi-i-toksicnim-vezama-pazite-se-ako-vam-je-decko-fan-andrewa-tatea-15305777\" target=\"_blank\" rel=\"noopener\">poveznici<\/a>.<\/div>\n<div>&nbsp;<\/div>\n<\/div>\n<div><strong>Ausstellung &#8220;Was ist Liebe?&#8221;<\/strong><\/div>\n<div>Sch\u00fclerinnen und Sch\u00fcler der Klasse 4H (die fantastischen Sieben aus dem Treffpunkt) haben eine Umfrage zum Thema Liebe und (un)gesunde&nbsp;Beziehung durchgef\u00fchrt.<\/div>\n<div>In der Galerie&nbsp;sind einige Fotos und den ganzen Artikel kann man unter folgendem<a href=\"https:\/\/www.jutarnji.hr\/life\/zivotne-price\/gimnazijalce-anketirali-o-ljubavi-i-toksicnim-vezama-pazite-se-ako-vam-je-decko-fan-andrewa-tatea-15305777\" target=\"_blank\" rel=\"noopener\"> Link<\/a> in der Tageszeitung Jutarnji list lesen.<\/div>\n<div>&nbsp;<\/div>\n<div>ngg_shortcode_0_placeholder<\/div>\n<div>&nbsp;<\/div>\n<div class=\"yiv7235211242gmail_attr\"><strong>PASCH himna<\/strong><\/div>\n<div class=\"yiv7235211242gmail_attr\">Na\u0161i u\u010denici sudjelovali su na radionici pisanja PASCH himne koju je vodila Mia Dim\u0161i\u0107. Zajedno s drugim \u0161kolama (O\u0160 Pantov\u010dak iz Zagreba; Gimnazija &#8220;Fran Galovi\u0107&#8221; iz Koprivnice; Gimnazija Metkovi\u0107;&nbsp; \u0160kola za turizam, ugostiteljstvo i trgovinu iz Pule; Gimnazija Petra Preradovi\u0107a iz Virovitice; O\u0160 Vladimir Nazor iz \u010cepina) napisali su stihove. Mia Dim\u0161i\u0107 je napisala refren i sve uskladila.<\/div>\n<div class=\"yiv7235211242gmail_attr\">Poslu\u0161ajte strofu na\u0161e \u0161kole u videu, a na&nbsp;<a href=\"https:\/\/www.youtube.com\/watch?v=C9pqgWsojOM\" target=\"_blank\" rel=\"noopener\">poveznici<\/a> poslu\u0161ajte cijelu himnu.<\/div>\n<div class=\"yiv7235211242gmail_attr\">&nbsp;<\/div>\n<div class=\"yiv7235211242gmail_attr\">Unsere Sch\u00fclerinnen und Sch\u00fcler haben am Workshop &#8220;PASCH-Hymne&#8221;, den Mia Dim\u0161i\u0107 leitete, teilgenommen. Folgende Schulen waren auch dabei: O\u0160 Pantov\u010dak Zagreba; Gimnazija &#8220;Fran Galovi\u0107&#8221; Koprivnica; Gimnazija Metkovi\u0107;&nbsp; \u0160kola za turizam, ugostiteljstvo i trgovinu Pula; Gimnazija Petra Preradovi\u0107a Virovitica; O\u0160 Vladimir Nazor \u010cepin. Die Sch\u00fcler haben die Strophen geschrieben, Mia Dim\u0161i\u0107 hat dann das Refrain gedichtet und das ganze Lied vertont.<\/div>\n<div class=\"yiv7235211242gmail_attr\">Hier k\u00f6nnt ihr euch die Strophe unserer Sch\u00fcler anh\u00f6ren und&nbsp;<a href=\"https:\/\/www.youtube.com\/watch?v=C9pqgWsojOM\" target=\"_blank\" rel=\"noopener\">hier<\/a>&nbsp;die ganze Hymne.<\/div>\n<\/div>\n<div>&nbsp;<\/div>\n<\/div>\n<\/div>\n<div>\n<div style=\"width: 1170px;\" class=\"wp-video\"><!--[if lt IE 9]><script>document.createElement('video');<\/script><![endif]-->\n<video class=\"wp-video-shortcode\" id=\"video-2444-1\" width=\"1170\" height=\"603\" preload=\"metadata\" controls=\"controls\"><source type=\"video\/mp4\" src=\"https:\/\/deseta-gimnazija.hr\/wp-content\/uploads\/2022\/06\/RPReplay-Final1654610942_2.mp4?_=1\" \/><a href=\"https:\/\/deseta-gimnazija.hr\/wp-content\/uploads\/2022\/06\/RPReplay-Final1654610942_2.mp4\">https:\/\/deseta-gimnazija.hr\/wp-content\/uploads\/2022\/06\/RPReplay-Final1654610942_2.mp4<\/a><\/video><\/div>\n<p>&nbsp;<\/p>\n<\/div>\n<div>\n<div id=\"yiv3294132578\">\n<div dir=\"ltr\">\n<p><span style=\"font-family: arial, sans-serif;\"><b><span lang=\"EN-US\">Posjet izlo\u017ebi Pri\u010de o austrijskim brendovima u Tehni\u010dkom muzeju&nbsp;<\/span><\/b><\/span><\/p>\n<p><span style=\"font-family: arial, sans-serif;\"><span lang=\"EN-US\">U\u010denici tre\u0107ih i \u010detvrtih razreda X. gimnazije Ivan Supek, su u okviru nastave njema\u010dkog jezika, zajedno sa svojom profesoricom, Marinom \u0160ok\u010devi\u0107, 12.5. 2022. posjetili izlo\u017ebu Pri\u010de o austrijskim brendovima u&nbsp;<a href=\"https:\/\/tmnt.hr\/izlozba?id=8303\" target=\"_blank\" rel=\"noopener\">Tehni\u010dkom muzeju Nikola Tesla<\/a>.<\/span><span lang=\"DE\">Izlo\u017eba je organizirana u okviru inicijative ReFocus Austrija. Otvorena je od 5.5.2022 do 15.6.2022. i predstavlja 24 austrijska prepoznatljiva brenda. Brendovi su predstavljeni kroz pri\u010de o njihovom nastanku i mijenjanju kroz godine u kojima su postajali poznati i prepoznati \u0161irom svijeta. Neki od tih brendova opstali su ve\u0107 dugi niz godina bez obzira na veliku konkurenciju.<\/span><\/span><\/p>\n<p><span lang=\"DE\"><span style=\"font-family: arial, sans-serif;\">U\u010denicima se svidjela izlo\u017eba. Ona na jednostavan i zanimljiv na\u010din prikazuje va\u017enost brendova i njihov utjecaj na ljude u pro\u0161losti i danas.<\/span><\/span><\/p>\n<p><span lang=\"DE\"><span style=\"font-family: arial, sans-serif;\">Zita Novosel, 4.f<\/span><\/span><\/p>\n<p><span style=\"font-family: arial, sans-serif;\"><b><span lang=\"DE\">Besuch der Ausstellung \u00fcber \u00d6sterreichische Markengeschichten<\/span><\/b><\/span><\/p>\n<p><span lang=\"DE\"><span style=\"font-family: arial, sans-serif;\">Sch\u00fcler und Sch\u00fclerinnen der 3. und 4. Klasse des X. Gymnasiums Ivan Supek besuchten am 12.5. 2022 im Rahmen des Deutschunterrichts, zusammen mit ihrer Lehrerin Frau \u0160ok\u010devi\u0107, die Ausstellung \u00d6sterreichische Markengeschichten im&nbsp;<a href=\"https:\/\/tmnt.hr\/izlozba?id=8303\" target=\"_blank\" rel=\"noopener\">Technischen Museum Nikola Tesla<\/a>. Die Ausstellung wurde im Rahmen der Initiative ReFocus Austria organisiert. Man kann die Ausstellung vom 5.5.2022 bis zum 15.6.2022 besichtigen. Dort wurden 24 bekannte \u00f6sterreichische Marken dargestellt. Die Marken wurden durch Geschichten ihrer Entwicklung und Ver\u00e4nderung im Laufe der Jahre pr\u00e4sentiert, w\u00e4hrend sie auf der ganzen Welt bekannt und anerkannt wurden. Einige dieser Marken haben es geschafft, trotz starker Konkurrenz viele Jahre zu \u00fcberleben. Den Sch\u00fclern und Sch\u00fclerinnen hat die Ausstellung gefallen. Es zeigt auf einfache und interessante Weise die Bedeutung von Marken und ihre Wirkung auf die Menschen in der Vergangenheit und heute.<\/span><\/span><\/p>\n<p><span lang=\"DE\"><span style=\"font-family: arial, sans-serif;\">Zita Novosel, 4.f<\/span><\/span><\/p>\nngg_shortcode_1_placeholder<\/div>\n<\/div>\n<\/div>\n<\/div>\n<\/div>\n<\/div>\n<p>&nbsp;<\/p>\n<p>&nbsp;<\/p>\n<div>\n<div class=\"msg-body P_wpofO mq_AS\" data-test-id=\"message-view-body-content\">\n<div class=\"jb_0 X_6MGW N_6Fd5\">\n<div>\n<div id=\"yiv3294132578\">\n<div dir=\"ltr\">\n<p><strong>Spa\u0161avanje Djeda Bo\u017ei\u0107njaka<\/strong><\/p>\n<p class=\"yiv3294132578MsoNormal\">U ovoj bo\u017ei\u0107noj pustolovini na\u0161i su u\u010denici:ice aktivirali svoje znanje njema\u010dkog jezika kako bi zajedno spasili Bo\u017ei\u0107 2021. Timskim radom i kriminalisti\u010dkim instinktom krenuli su u potragu za tragovima koji se kriju na raznim mjestima u Zagrebu. Pritom su otkrili njema\u010dke tragove u glavnom gradu, usporedili njema\u010dke i hrvatske bo\u017ei\u0107ne obi\u010daje te se na kreativan i produktivan na\u010din aktivirali kako bi zajedno ostvarili cilj. Hvala Goethe-Institutu na organizaciji!<\/p>\n<p class=\"yiv3294132578MsoNormal\">In diesem Weihnachtsabentuer haben unsere Sch\u00fcler:innen ihre Deutschkenntnisse aktiviert um gemeinsam Weihnachten 2021 zu retten. Mithilfe von Teamarbeit und kriminalistischen Sp\u00fcrsinn haben sie sich auf die Suche nach Hinweisen in Zagreb begeben. Dabei haben sie deutsche Spuren in Zagreb kennengelernt, deutsche und kroatische Weihnachtstraditionen verglichen und auf kreative Art und Weise gemeinsam das Ziel erreicht. Ein gro\u00dfer Dank an das Goethe-Institut f\u00fcr die Organisation!<\/p>\n<\/div>\n<\/div>\n<\/div>\n<\/div>\n<\/div>\n<p>ngg_shortcode_2_placeholder&nbsp;<strong>&#8220;Mach dich stark! Tanz!&#8221;(Oja\u010daj! Ple\u0161i!)&nbsp;<\/strong><\/p>\n<div class=\"I_52qC D_FY W_6D6F\" data-test-id=\"message-view-body\">\n<div class=\"msg-body P_wpofO mq_AS\" data-test-id=\"message-view-body-content\">\n<div class=\"jb_0 X_6MGW N_6Fd5\">\n<div>\n<div id=\"yiv4509764610\">\n<div dir=\"ltr\">\n<div>Radionica naziva &#8220;Mach dich stark! Tanz! (Oja\u010daj! Ple\u0161i!) odr\u017eana je 6. listopada 2021. u suradnji s Goethe-Institutom. Tema je bila inkluzija. Prvi dio radionice vodile su Yvonne Klietz i Ana Horvat Vlahek, a plesnu radionicu vodio je Mislav \u0160imi\u0107.<\/div>\n<div>U galeriji mo\u017eete pogledati kako je su se proveli na\u0161e u\u010denice i na\u0161i u\u010denici.<\/div>\n<\/div>\n<\/div>\n<\/div>\n<\/div>\n<\/div>\n<div class=\"jb_0 X_6MGW N_6Fd5\">&nbsp;<\/div>\n<\/div>\n<div class=\"H_7jIs D_F ab_C Q_69H5 E_36RhU\" data-test-id=\"toolbar-hover-area\">\n<div class=\"D_F W_6D6F r_BN gl_C\" data-test-id=\"card-toolbar\">ngg_shortcode_3_placeholder<\/div>\n<\/div>\n<p>&nbsp;<\/p>\n<p class=\"yiv0010922663gmail-_04xlpA yiv0010922663gmail-direction-ltr yiv0010922663gmail-align-center yiv0010922663gmail-para-style-body\"><strong>\u201eSophie Scholl \u2013 Geschichten der Zivilicourage\u201c<\/strong><\/p>\n<p class=\"yiv0010922663gmail-_04xlpA yiv0010922663gmail-direction-ltr yiv0010922663gmail-align-justify yiv0010922663gmail-para-style-body\"><span class=\"yiv0010922663gmail-JsGRdQ\"><span style=\"color: #000000; font-family: arial, sans-serif;\">Wir stellen euch das neueste PASCH-Projekt an dem unsere Sch\u00fcler der Klassen 2.H und 2.J teilnehmen:<\/span><\/span><\/p>\n<p class=\"yiv0010922663gmail-_04xlpA yiv0010922663gmail-direction-ltr yiv0010922663gmail-align-justify yiv0010922663gmail-para-style-body\"><span style=\"color: #000000; font-family: arial, sans-serif;\"><span class=\"yiv0010922663gmail-JsGRdQ\">\u201eSophie Scholl \u2013 Geschichten der Zivilicourage\u201c wird anl\u00e4sslich ihres 100. Geburtstag durchgef\u00fchrt (9. Mai 2021).<\/span><\/span><\/p>\n<p class=\"yiv0010922663gmail-_04xlpA yiv0010922663gmail-direction-ltr yiv0010922663gmail-align-justify yiv0010922663gmail-para-style-body\">Sophie Scholl war Mitglied der Widerstandsgruppe &#8220;Wei\u00dfe Rose\u201c w\u00e4hrend des Zweiten Weltkriegs. Ihr Wirken hat uns zum Nachdenken \u00fcber Gleichberechtigung, Freiheit, Nationalismus, Fremdenfeindlichkeit und Extremismus angeregt.&nbsp;&nbsp;<span style=\"color: #000000; font-family: arial, sans-serif;\"><span class=\"yiv0010922663gmail-JsGRdQ\"><br \/>\n<\/span><\/span><\/p>\n<p class=\"yiv0010922663gmail-_04xlpA yiv0010922663gmail-direction-ltr yiv0010922663gmail-align-justify yiv0010922663gmail-para-style-body\"><span class=\"yiv0010922663gmail-JsGRdQ\"><span style=\"color: #000000; font-family: arial, sans-serif;\">Das Projekt wurde vom Goethe-Institut Griechenland initiiert, die Referenten sind Dagmar Boeck-Siebenhaar, Josef Eder, Stephan Reischl, Matthias Baumann und Felix Aschauer. Projektkoordinatorin ist Martina Karapanou vom Goethe-Institut Athen. 21 Pasch-Schulen aus der SOE-Region nehmen am Projekt teil.<\/span><\/span><\/p>\n<p class=\"yiv0010922663gmail-_04xlpA yiv0010922663gmail-direction-ltr yiv0010922663gmail-align-justify yiv0010922663gmail-para-style-body\"><span style=\"color: #000000; font-family: arial, sans-serif;\"><span class=\"yiv0010922663gmail-JsGRdQ\">Das X. Gymnasium bekam als Pasch-Schule die M\u00f6glichkeit am Projekt teilzunehmen. Projektkoordinatorin an der Schule ist Marina \u0160ok\u010devi\u0107.<\/span><\/span><\/p>\n<p class=\"yiv0010922663gmail-_04xlpA yiv0010922663gmail-direction-ltr yiv0010922663gmail-align-justify yiv0010922663gmail-para-style-body\"><span class=\"yiv0010922663gmail-JsGRdQ\"><span style=\"color: #000000; font-family: arial, sans-serif;\">Zurzeit bereiten sich die Sch\u00fcler auf den Wettbewerb f\u00fcr den Online-Camp im Juli. Das Projektziel ist durch die Bearbeitung von verschiedenen Themen zu sehen, was f\u00fcr eine Zukunft sich die Jugendlichen w\u00fcnschen.<\/span><\/span><\/p>\n<p class=\"yiv0010922663gmail-_04xlpA yiv0010922663gmail-direction-ltr yiv0010922663gmail-align-justify yiv0010922663gmail-para-style-body\"><span class=\"yiv0010922663gmail-JsGRdQ\"><span style=\"color: #000000; font-family: arial, sans-serif;\">Wir haben dann eine Ausstellung zum Leben und Wirken von Sophie Scholl auf die Beine gebracht.<\/span><\/span><\/p>\n<p class=\"yiv0010922663gmail-_04xlpA yiv0010922663gmail-direction-ltr yiv0010922663gmail-align-justify yiv0010922663gmail-para-style-body\">In der Schule haben wir &#8220;die echten&#8221; Geschwister Scholl, die mehr \u00fcber sich erz\u00e4hlen werden. Und in der virtuellen Ausstellung k\u00f6nnt ihr alles andere erforschen: Online-\u00dcbungen, Infos lesen, Videos sehen und ihr werdet auch einen Brief an die Zukunft schreiben k\u00f6nnen.<\/p>\n<p class=\"yiv0010922663gmail-_04xlpA yiv0010922663gmail-direction-ltr yiv0010922663gmail-align-justify yiv0010922663gmail-para-style-body\">Schaut mal rein:&nbsp;<a href=\"https:\/\/vr-easy.com\/11255\/\" target=\"_blank\" rel=\"nofollow noopener noreferrer\">https:\/\/vr-easy.com\/11255\/<\/a><\/p>\n<p class=\"yiv0010922663gmail-_04xlpA yiv0010922663gmail-direction-ltr yiv0010922663gmail-align-justify yiv0010922663gmail-para-style-body\"><span class=\"yiv0010922663gmail-JsGRdQ\"><span style=\"color: #000000; font-family: arial, sans-serif;\">Die Ausstellung wurde dank der Unterst\u00fctzung folgender Partner durchgef\u00fchrt: Goethe-Institut Kroatien und Tehi\u010dki muzej Nikola Tesla Ein gro\u00dfer Dank gilt den Sch\u00fclern der zweiten und vierten Klassen, sowie den Lehrerinnen und Lehrern Marina \u0160ok\u010devi\u0107, Liljana Skenderovi\u0107, Danijel \u0160krti\u0107, Karmen Farac Turkovi\u0107 und Marija Cestari\u0107.<\/span><\/span><\/p>\n<p><img loading=\"lazy\" decoding=\"async\" class=\"size-full wp-image-8302 aligncenter\" src=\"https:\/\/deseta-gimnazija.hr\/wp-content\/uploads\/2021\/05\/projekt.png\" alt=\"\" width=\"802\" height=\"1920\" srcset=\"https:\/\/deseta-gimnazija.hr\/wp-content\/uploads\/2021\/05\/projekt.png 802w, https:\/\/deseta-gimnazija.hr\/wp-content\/uploads\/2021\/05\/projekt-125x300.png 125w, https:\/\/deseta-gimnazija.hr\/wp-content\/uploads\/2021\/05\/projekt-768x1839.png 768w, https:\/\/deseta-gimnazija.hr\/wp-content\/uploads\/2021\/05\/projekt-428x1024.png 428w, https:\/\/deseta-gimnazija.hr\/wp-content\/uploads\/2021\/05\/projekt-230x551.png 230w, https:\/\/deseta-gimnazija.hr\/wp-content\/uploads\/2021\/05\/projekt-350x838.png 350w, https:\/\/deseta-gimnazija.hr\/wp-content\/uploads\/2021\/05\/projekt-480x1149.png 480w\" sizes=\"(max-width: 802px) 100vw, 802px\" \/><\/p>\n<p>&nbsp;<\/p>\n<p><strong>\u010clanak biv\u0161e maturantice na internetskom portalu NASCH-PASCH<\/strong><\/p>\n<p>\u017delite znati kako su se na\u0161i maturanti nosili s nastavom na daljinu i \u0161to ih je najvi\u0161e mu\u010dilo? Usput \u017eelite osvje\u017eiti va\u0161 njema\u010dki? Onda pro\u010ditajte \u010dlanak na\u0161e biv\u0161e u\u010denice Ane Leko na sljede\u0107oj <a href=\"https:\/\/blog.pasch-net.de\/pasch-global\/archives\/2162-Das-Abitur-und-Covid-19-ein-Rueckblick.html\" target=\"_blank\" rel=\"noopener\">poveznici<\/a>.<\/p>\n<p>U\u017eivajte u \u010ditanju!<\/p>\n<p>&nbsp;<\/p>\n<p><strong>Stadtf\u00fchrung durch Zagreb<\/strong><\/p>\n<p>Den Videofilm \u201eTour durch Zagreb\u201c haben die flei\u00dfigen Sch\u00fcler\/-innen der jetzigen&nbsp; Klasse 4g f\u00fcr die deutschsprachigen Zuschauer gemacht. Im Video zeigen sie, warum man nach Zagreb kommen sollte und was es da alles zu sehen gibt.<\/p>\n<p>Uns hat das Videodrehen Spa\u00df gemacht.<\/p>\n<p>Ihnen \/ Euch w\u00fcnschen wir viel Spa\u00df beim Zusehen!<\/p>\n<\/div>\n<div>&nbsp;<\/div>\n<p><iframe loading=\"lazy\" src=\"https:\/\/drive.google.com\/file\/d\/1TfFgMwNwoUq7kR3i7EXMRFYt2L-Zf5os\/preview\" width=\"840\" height=\"480\"><\/iframe><\/p>\n<div>&nbsp;<\/div>\n<div><strong>Ein neuer Erfolg unserer Sch\u00fcler<\/strong><\/div>\n<div>&nbsp;<\/div>\n<div><span style=\"font-family: arial, sans-serif;\">Unsere Sch\u00fcler haben letztes Jahr ein Interview mit Frau Lea Lesar-Dolenc f\u00fcr das Projekt &#8220;Jugend schreibt&#8221; im Rahmen der F.A.Z. geschrieben. Worum es im Artikel geht, erfahren sie hier.<\/span><\/div>\n<div><span style=\"font-family: arial, sans-serif;\">&nbsp;<\/span><\/div>\n<div><span style=\"font-family: arial, sans-serif;\">Wir gratulieren den Sch\u00fclern f\u00fcr den Erfolg!<\/span><\/div>\n<div><span style=\"font-family: arial, sans-serif;\">&nbsp;<\/span><\/div>\n<div><span style=\"font-family: arial, sans-serif;\">Ihnen viel Spa\u00df beim Lesen.<\/span><\/div>\n<div>&nbsp;<\/div>\n<div><\/div>\n<div>&nbsp;<\/div>\n<p><strong>Polo\u017eeni ispiti poznavanja njema\u010dkog jezika<\/strong><\/p>\n<p>I ove su godine na\u0161i u\u010denici imali priliku testirati svoje poznavanje njema\u010dkog jezika. Vi\u0161e od 80 u\u010denika polo\u017eilo je pri Goethe-Institutu ispite poznavanja jezika na razini A1 (Goethe-Zertifikat A1: Fit in Deutsch 1) i A2 (Goethe-Zertifikat A2: Fit in Deutsch).<\/p>\n<p>To im je tako\u0111er potvrda da se ulo\u017eeni trud itekako isplati.<\/p>\n<p>\u010cestitamo svim u\u010denicama i u\u010denicima!<\/p>\n<p><img loading=\"lazy\" decoding=\"async\" class=\"alignnone size-full wp-image-4809\" src=\"https:\/\/deseta-gimnazija.hr\/wp-content\/uploads\/2019\/06\/20190531_134616.jpg\" alt=\"\" width=\"1920\" height=\"1440\" srcset=\"https:\/\/deseta-gimnazija.hr\/wp-content\/uploads\/2019\/06\/20190531_134616.jpg 1920w, https:\/\/deseta-gimnazija.hr\/wp-content\/uploads\/2019\/06\/20190531_134616-300x225.jpg 300w, https:\/\/deseta-gimnazija.hr\/wp-content\/uploads\/2019\/06\/20190531_134616-768x576.jpg 768w, https:\/\/deseta-gimnazija.hr\/wp-content\/uploads\/2019\/06\/20190531_134616-1024x768.jpg 1024w, https:\/\/deseta-gimnazija.hr\/wp-content\/uploads\/2019\/06\/20190531_134616-830x623.jpg 830w, https:\/\/deseta-gimnazija.hr\/wp-content\/uploads\/2019\/06\/20190531_134616-230x173.jpg 230w, https:\/\/deseta-gimnazija.hr\/wp-content\/uploads\/2019\/06\/20190531_134616-350x263.jpg 350w, https:\/\/deseta-gimnazija.hr\/wp-content\/uploads\/2019\/06\/20190531_134616-480x360.jpg 480w\" sizes=\"(max-width: 1920px) 100vw, 1920px\" \/><\/p>\n<p><img loading=\"lazy\" decoding=\"async\" class=\"alignnone size-full wp-image-4810\" src=\"https:\/\/deseta-gimnazija.hr\/wp-content\/uploads\/2019\/06\/20190531_134618.jpg\" alt=\"\" width=\"1920\" height=\"1440\" srcset=\"https:\/\/deseta-gimnazija.hr\/wp-content\/uploads\/2019\/06\/20190531_134618.jpg 1920w, https:\/\/deseta-gimnazija.hr\/wp-content\/uploads\/2019\/06\/20190531_134618-300x225.jpg 300w, https:\/\/deseta-gimnazija.hr\/wp-content\/uploads\/2019\/06\/20190531_134618-768x576.jpg 768w, https:\/\/deseta-gimnazija.hr\/wp-content\/uploads\/2019\/06\/20190531_134618-1024x768.jpg 1024w, https:\/\/deseta-gimnazija.hr\/wp-content\/uploads\/2019\/06\/20190531_134618-830x623.jpg 830w, https:\/\/deseta-gimnazija.hr\/wp-content\/uploads\/2019\/06\/20190531_134618-230x173.jpg 230w, https:\/\/deseta-gimnazija.hr\/wp-content\/uploads\/2019\/06\/20190531_134618-350x263.jpg 350w, https:\/\/deseta-gimnazija.hr\/wp-content\/uploads\/2019\/06\/20190531_134618-480x360.jpg 480w\" sizes=\"(max-width: 1920px) 100vw, 1920px\" \/><\/p>\n<p><img loading=\"lazy\" decoding=\"async\" class=\"alignnone size-full wp-image-4819\" src=\"https:\/\/deseta-gimnazija.hr\/wp-content\/uploads\/2019\/06\/20190531_134612-ANIMATION.gif\" alt=\"\" width=\"972\" height=\"730\"><\/p>\n<p>&nbsp;<\/p>\n<p>&nbsp;<\/p>\n<p><strong>Obilje\u017eavanje 10 godina PASCH-a<\/strong><\/p>\n<p>Na Bundeku je 5. listopada 2018. obilje\u017eeno 10 godina postojanja inicijative PASCH (\u0160kole: partneri budu\u0107nosti).<br \/>\nNa cjelodnevnom programu sudjelovale su \u0161kole iz cijele Hrvatske (Metkovi\u0107, Ogulin, Pula, Koprivnica, Virovitica, Osijek, \u010cepin) kao i u\u010denici na\u0161e \u0161kole.<br \/>\n\u0160kole su imale priliku predstaviti se. Na\u0161a \u0161kola se predstavila video uratkom u kojem je prikazano \u0161to smo sve do\u017eivjeli i u\u010dinili otkako smo postali jedna od \u0161kola PASCH-a, a \u0161kolski bend je dao svoj obol glazbenom to\u010dkom.<\/p>\n<p>U\u010denici su kasnije sudjelovali na raznim radionicama (grafiti, ples, znanstveni pokusi, filmovi\u2026).<\/p>\nngg_shortcode_4_placeholder\n<div style=\"width: 50%; padding: 0 10px 0 0; float: left;\"><strong>10 Jahre Pasch Film<\/strong><\/div>\n<div style=\"width: 50%; padding: 0 10px 0 0; float: right;\"><strong>Nastup \u0161kolskog benda<\/strong><\/div>\n<div style=\"float: left; padding: 12px;\">\n<div style=\"width: 371px;\" class=\"wp-video\"><video class=\"wp-video-shortcode\" id=\"video-2444-2\" width=\"371\" height=\"204\" preload=\"metadata\" controls=\"controls\"><source type=\"video\/mp4\" src=\"https:\/\/deseta-gimnazija.hr\/wp-content\/uploads\/2018\/10\/10-Jahre-PASCH-Film.mp4?_=2\" \/><a href=\"https:\/\/deseta-gimnazija.hr\/wp-content\/uploads\/2018\/10\/10-Jahre-PASCH-Film.mp4\">https:\/\/deseta-gimnazija.hr\/wp-content\/uploads\/2018\/10\/10-Jahre-PASCH-Film.mp4<\/a><\/video><\/div>\n<\/div>\n<div style=\"float: left; padding: 12px;\">\n<div style=\"width: 371px;\" class=\"wp-video\"><video class=\"wp-video-shortcode\" id=\"video-2444-3\" width=\"371\" height=\"204\" poster=\"https:\/\/deseta-gimnazija.hr\/wp-content\/uploads\/2018\/10\/slika-1-e1539597214316.jpg\" loop=\"1\" preload=\"metadata\" controls=\"controls\"><source type=\"video\/mp4\" src=\"https:\/\/deseta-gimnazija.hr\/wp-content\/uploads\/2018\/10\/Bundek-nastup.mp4?_=3\" \/><a href=\"https:\/\/deseta-gimnazija.hr\/wp-content\/uploads\/2018\/10\/Bundek-nastup.mp4\">https:\/\/deseta-gimnazija.hr\/wp-content\/uploads\/2018\/10\/Bundek-nastup.mp4<\/a><\/video><\/div>\n<\/div>\n<div style=\"clear: both;\">&nbsp;<\/div>\n<\/div>\n","protected":false},"excerpt":{"rendered":"<p>\u0160umoborci i Deseta u akciji po\u0161umljavanja! Na\u0161e u\u010denice Tara Babi\u0107 i Anna Sukhareva napisale su \u010dlanak o akciji po\u0161umljavanja u kojoj je sudjelovala na\u0161a \u0161kola. \u010clanak je objavljen u online \u010dasopisu NASCH-PASCH u okviru inicijative PASCH (\u0160kole &#8211; partneri budu\u0107nosti) \u010dije smo tako\u0111er dio. Cijeli \u010dlanak na njema\u010dkom jeziku mo\u017eete pro\u010ditati ovdje.&nbsp; &nbsp; \u0160umoborci und [&hellip;]<\/p>\n","protected":false},"author":4,"featured_media":0,"parent":0,"menu_order":0,"comment_status":"closed","ping_status":"closed","template":"","meta":{"ngg_post_thumbnail":0,"footnotes":""},"_links":{"self":[{"href":"https:\/\/deseta-gimnazija.hr\/index.php?rest_route=\/wp\/v2\/pages\/2444"}],"collection":[{"href":"https:\/\/deseta-gimnazija.hr\/index.php?rest_route=\/wp\/v2\/pages"}],"about":[{"href":"https:\/\/deseta-gimnazija.hr\/index.php?rest_route=\/wp\/v2\/types\/page"}],"author":[{"embeddable":true,"href":"https:\/\/deseta-gimnazija.hr\/index.php?rest_route=\/wp\/v2\/users\/4"}],"replies":[{"embeddable":true,"href":"https:\/\/deseta-gimnazija.hr\/index.php?rest_route=%2Fwp%2Fv2%2Fcomments&post=2444"}],"version-history":[{"count":27,"href":"https:\/\/deseta-gimnazija.hr\/index.php?rest_route=\/wp\/v2\/pages\/2444\/revisions"}],"predecessor-version":[{"id":11353,"href":"https:\/\/deseta-gimnazija.hr\/index.php?rest_route=\/wp\/v2\/pages\/2444\/revisions\/11353"}],"wp:attachment":[{"href":"https:\/\/deseta-gimnazija.hr\/index.php?rest_route=%2Fwp%2Fv2%2Fmedia&parent=2444"}],"curies":[{"name":"wp","href":"https:\/\/api.w.org\/{rel}","templated":true}]}}